{"id":592,"date":"2022-03-31T10:43:32","date_gmt":"2022-03-31T09:43:32","guid":{"rendered":"https:\/\/campingtrye.1tenseweb.com\/?page_id=592"},"modified":"2025-05-26T09:36:24","modified_gmt":"2025-05-26T08:36:24","slug":"contact","status":"publish","type":"page","link":"https:\/\/www.camping-de-la-trye.com\/en\/contact\/","title":{"rendered":"Booking &amp; contact"},"content":{"rendered":"<h2 class=\"h2\" style=\"text-align: center;\">Pr\u00eat \u00e0 r\u00e9server votre s\u00e9jour ?<\/h2>\n\t<section id=\"booking-engine\" class=\"wrapper\" data-pageid=\"592\">\n\t\t<div class=\"search-engine\">\n\t\t\t<div class=\"dates\" data-start=\"\" data-end=\"\">\n\t\t\t\t<span class=\"label\">Add dates<\/span>\n\n\t\t\t\t<div class=\"popup dates-popup\">\n\t\t\t\t\t<input id=\"datepicker\"\/>\n\t\t\t\t<\/div>\n\t\t\t<\/div>\n\n\t\t\t<div class=\"members\" data-ad=\"1\" data-en=\"0\" data-be=\"0\">\n\t\t\t\t<span class=\"label\">1 adult<\/span>\n\n\t\t\t\t<div class=\"popup members-popup\">\n\t\t\t\t\t<div class=\"adultes\">\n\t\t\t\t\t\t<span class=\"title\">Adults <span>(16 years and over)<\/span><\/span>\n\t\t\t\t\t\t<span class=\"selecteur\">\n\t\t\t\t\t\t\t<span class=\"moins\">-<\/span>\n\t\t\t\t\t\t\t<span class=\"nbr\">1<\/span>\n\t\t\t\t\t\t\t<span class=\"plus\">+<\/span>\n\t\t\t\t\t\t<\/span>\n\t\t\t\t\t<\/div>\n\n\t\t\t\t\t<div class=\"enfants\">\n\t\t\t\t\t\t<span class=\"title\">Children <span>(ages 3 to 15 inclusive)<\/span><\/span>\n\t\t\t\t\t\t<span class=\"selecteur\">\n\t\t\t\t\t\t\t<span class=\"moins\">-<\/span>\n\t\t\t\t\t\t\t<span class=\"nbr\">0<\/span>\n\t\t\t\t\t\t\t<span class=\"plus\">+<\/span>\n\t\t\t\t\t\t<\/span>\n\t\t\t\t\t<\/div>\n\n\t\t\t\t\t<div class=\"bebe\">\n\t\t\t\t\t\t<span class=\"title\">Baby <span>(2 years and under)<\/span><\/span>\n\t\t\t\t\t\t<span class=\"selecteur\">\n\t\t\t\t\t\t\t<span class=\"moins\">-<\/span>\n\t\t\t\t\t\t\t<span class=\"nbr\">0<\/span>\n\t\t\t\t\t\t\t<span class=\"plus\">+<\/span>\n\t\t\t\t\t\t<\/span>\n\t\t\t\t\t<\/div>\n\t\t\t\t<\/div>\n\t\t\t<\/div>\n\n\t\t\t<div class=\"hebergement\" data-heb=\"all\">\n\t\t\t\t<span class=\"label\">All accommodations<\/span>\n\n\t\t\t\t<div class=\"popup hebergement-popup\">\n\t\t\t\t\t<span class=\"active\" data-heb=\"all\">All accommodations<\/span>\n\t\t\t\t\t<span data-heb=\"accommodation\">Rental<\/span>\n\t\t\t\t\t<span data-heb=\"pitch\">Location<\/span>\n\t\t\t\t<\/div>\n\t\t\t<\/div>\n\n\t\t\t<div class=\"submit\">\n\t\t\t\t<a href=\"#\" class=\"btn\" id=\"submit-engine\">Search<\/a>\n\t\t\t<\/div>\n\t\t<\/div>\n\t<\/section>\n\t\n<p>\t<section id=\"bookingResult\" class=\"wrapper\">\n\t\t<h2 class=\"noresult firstSearch h3\">Make your first search above \ud83d\udc46<\/h2>\n\t<\/section>\n\t<br \/>\nL\u2019\u00e9quipe du Camping de la Trye vous simplifie la vie. Vous souhaitez s\u00e9journer dans l\u2019un de nos <a href=\"https:\/\/www.camping-de-la-trye.com\/hebergements\/\">mobil-homes<\/a> ou de nos <a href=\"https:\/\/www.camping-de-la-trye.com\/nos-insolites\/\">h\u00e9bergements insolites<\/a> ou consulter nos disponibilit\u00e9s en temps r\u00e9el ?<\/p>\n<p>Ne perdez pas une minute : que vous cherchiez \u00e0 passer des vacances en famille, un week-end en couple ou une escapade entre amis, r\u00e9servez votre h\u00e9bergement d\u00e8s maintenant : saisissez vos crit\u00e8res et s\u00e9lectionnez votre h\u00e9bergement parmi ceux disponibles !<\/p>\n<p>Organiser votre s\u00e9jour n\u2019a jamais \u00e9t\u00e9 aussi simple. C\u2019est rapide et flexible. Notre \u00e9quipe se tient \u00e0 vos c\u00f4t\u00e9s pour vous conseiller \u00e0 chaque \u00e9tape, de votre premier clic \u00e0 votre arriv\u00e9e au camping.<\/p>\n<p><strong>Une question ? Contactez-nous, nous mettons tout en \u0153uvre pour vous r\u00e9pondre rapidement et vous accueillir comme il se doit !<\/strong><\/p>\n<h2 class=\"h2\" style=\"text-align: center;\">Nous contacter<\/h2>\n\n<div class=\"wpcf7 no-js\" id=\"wpcf7-f16607-o1\" lang=\"en-US\" dir=\"ltr\" data-wpcf7-id=\"16607\">\n<div class=\"screen-reader-response\"><p role=\"status\" aria-live=\"polite\" aria-atomic=\"true\"><\/p> <ul><\/ul><\/div>\n<form action=\"\/en\/wp-json\/wp\/v2\/pages\/592#wpcf7-f16607-o1\" method=\"post\" class=\"wpcf7-form init\" aria-label=\"Contact form\" novalidate=\"novalidate\" data-status=\"init\">\n<fieldset class=\"hidden-fields-container\"><input type=\"hidden\" name=\"_wpcf7\" value=\"16607\" \/><input type=\"hidden\" name=\"_wpcf7_version\" value=\"6.1.4\" \/><input type=\"hidden\" name=\"_wpcf7_locale\" value=\"en_US\" \/><input type=\"hidden\" name=\"_wpcf7_unit_tag\" value=\"wpcf7-f16607-o1\" \/><input type=\"hidden\" name=\"_wpcf7_container_post\" value=\"0\" \/><input type=\"hidden\" name=\"_wpcf7_posted_data_hash\" value=\"\" \/>\n<\/fieldset>\n<p><label> Your name<br \/>\n<span class=\"wpcf7-form-control-wrap\" data-name=\"your-name\"><input size=\"40\" maxlength=\"400\" class=\"wpcf7-form-control wpcf7-text wpcf7-validates-as-required\" aria-required=\"true\" aria-invalid=\"false\" value=\"\" type=\"text\" name=\"your-name\" \/><\/span> <\/label>\n<\/p>\n<p><label> Your e-mail<br \/>\n<span class=\"wpcf7-form-control-wrap\" data-name=\"your-email\"><input size=\"40\" maxlength=\"400\" class=\"wpcf7-form-control wpcf7-email wpcf7-validates-as-required wpcf7-text wpcf7-validates-as-email\" aria-required=\"true\" aria-invalid=\"false\" value=\"\" type=\"email\" name=\"your-email\" \/><\/span> <\/label>\n<\/p>\n<p><label> Object<br \/>\n<span class=\"wpcf7-form-control-wrap\" data-name=\"your-subject\"><input size=\"40\" maxlength=\"400\" class=\"wpcf7-form-control wpcf7-text wpcf7-validates-as-required\" aria-required=\"true\" aria-invalid=\"false\" value=\"\" type=\"text\" name=\"your-subject\" \/><\/span> <\/label>\n<\/p>\n<p><label> Your message (optional)<br \/>\n<span class=\"wpcf7-form-control-wrap\" data-name=\"your-message\"><textarea cols=\"40\" rows=\"10\" maxlength=\"2000\" class=\"wpcf7-form-control wpcf7-textarea\" aria-invalid=\"false\" name=\"your-message\"><\/textarea><\/span> <\/label>\n<\/p>\n<p><input class=\"wpcf7-form-control wpcf7-submit has-spinner\" type=\"submit\" value=\"Send\" \/>\n<\/p><p style=\"display: none !important;\" class=\"akismet-fields-container\" data-prefix=\"_wpcf7_ak_\"><label>&#916;<textarea name=\"_wpcf7_ak_hp_textarea\" cols=\"45\" rows=\"8\" maxlength=\"100\"><\/textarea><\/label><input type=\"hidden\" id=\"ak_js_1\" name=\"_wpcf7_ak_js\" value=\"142\"\/><script>document.getElementById( \"ak_js_1\" ).setAttribute( \"value\", ( new Date() ).getTime() );<\/script><\/p><div class=\"wpcf7-response-output\" aria-hidden=\"true\"><\/div>\n<\/form>\n<\/div>\n\n","protected":false},"excerpt":{"rendered":"<p>Pr\u00eat \u00e0 r\u00e9server votre s\u00e9jour ? L\u2019\u00e9quipe du Camping de la Trye vous simplifie la vie. Vous souhaitez s\u00e9journer dans l\u2019un de nos mobil-homes ou de nos h\u00e9bergements insolites ou consulter nos disponibilit\u00e9s en temps r\u00e9el ? Ne perdez pas une minute : que vous cherchiez \u00e0 passer des vacances en famille, un week-end en [&hellip;]<\/p>\n","protected":false},"author":8,"featured_media":6939,"parent":0,"menu_order":0,"comment_status":"closed","ping_status":"closed","template":"","meta":{"_acf_changed":false,"footnotes":""},"class_list":["post-592","page","type-page","status-publish","has-post-thumbnail","hentry"],"acf":[],"featured_image_src":"https:\/\/www.camping-de-la-trye.com\/wp-content\/uploads\/2023\/06\/IMG_1033-scaled.jpg","yoast_head":"<!-- This site is optimized with the Yoast SEO plugin v26.6 - https:\/\/yoast.com\/wordpress\/plugins\/seo\/ -->\n<title>Booking &amp; contact - Camping de la trye<\/title>\n<meta name=\"robots\" content=\"index, follow, max-snippet:-1, max-image-preview:large, max-video-preview:-1\" \/>\n<link rel=\"canonical\" href=\"https:\/\/www.camping-de-la-trye.com\/en\/contact\/\" \/>\n<meta property=\"og:locale\" content=\"en_US\" \/>\n<meta property=\"og:type\" content=\"article\" \/>\n<meta property=\"og:title\" content=\"Booking &amp; contact - Camping de la trye\" \/>\n<meta property=\"og:description\" content=\"Pr\u00eat \u00e0 r\u00e9server votre s\u00e9jour ? L\u2019\u00e9quipe du Camping de la Trye vous simplifie la vie. Vous souhaitez s\u00e9journer dans l\u2019un de nos mobil-homes ou de nos h\u00e9bergements insolites ou consulter nos disponibilit\u00e9s en temps r\u00e9el ? Ne perdez pas une minute : que vous cherchiez \u00e0 passer des vacances en famille, un week-end en [&hellip;]\" \/>\n<meta property=\"og:url\" content=\"https:\/\/www.camping-de-la-trye.com\/en\/contact\/\" \/>\n<meta property=\"og:site_name\" content=\"Camping de la trye\" \/>\n<meta property=\"article:publisher\" content=\"https:\/\/www.facebook.com\/CampingdelaTrye\" \/>\n<meta property=\"article:modified_time\" content=\"2025-05-26T08:36:24+00:00\" \/>\n<meta property=\"og:image\" content=\"https:\/\/www.camping-de-la-trye.com\/wp-content\/uploads\/2023\/06\/IMG_1033-scaled.jpg\" \/>\n\t<meta property=\"og:image:width\" content=\"2560\" \/>\n\t<meta property=\"og:image:height\" content=\"1920\" \/>\n\t<meta property=\"og:image:type\" content=\"image\/jpeg\" \/>\n<meta name=\"twitter:card\" content=\"summary_large_image\" \/>\n<meta name=\"twitter:site\" content=\"@CampingdelaTrye\" \/>\n<meta name=\"twitter:label1\" content=\"Est. reading time\" \/>\n\t<meta name=\"twitter:data1\" content=\"1 minute\" \/>\n<script type=\"application\/ld+json\" class=\"yoast-schema-graph\">{\"@context\":\"https:\/\/schema.org\",\"@graph\":[{\"@type\":\"WebPage\",\"@id\":\"https:\/\/www.camping-de-la-trye.com\/en\/contact\/\",\"url\":\"https:\/\/www.camping-de-la-trye.com\/en\/contact\/\",\"name\":\"Booking &amp; contact - Camping de la trye\",\"isPartOf\":{\"@id\":\"https:\/\/www.camping-de-la-trye.com\/#website\"},\"primaryImageOfPage\":{\"@id\":\"https:\/\/www.camping-de-la-trye.com\/en\/contact\/#primaryimage\"},\"image\":{\"@id\":\"https:\/\/www.camping-de-la-trye.com\/en\/contact\/#primaryimage\"},\"thumbnailUrl\":\"https:\/\/www.camping-de-la-trye.com\/wp-content\/uploads\/2023\/06\/IMG_1033-scaled.jpg\",\"datePublished\":\"2022-03-31T09:43:32+00:00\",\"dateModified\":\"2025-05-26T08:36:24+00:00\",\"breadcrumb\":{\"@id\":\"https:\/\/www.camping-de-la-trye.com\/en\/contact\/#breadcrumb\"},\"inLanguage\":\"en-US\",\"potentialAction\":[{\"@type\":\"ReadAction\",\"target\":[\"https:\/\/www.camping-de-la-trye.com\/en\/contact\/\"]}]},{\"@type\":\"ImageObject\",\"inLanguage\":\"en-US\",\"@id\":\"https:\/\/www.camping-de-la-trye.com\/en\/contact\/#primaryimage\",\"url\":\"https:\/\/www.camping-de-la-trye.com\/wp-content\/uploads\/2023\/06\/IMG_1033-scaled.jpg\",\"contentUrl\":\"https:\/\/www.camping-de-la-trye.com\/wp-content\/uploads\/2023\/06\/IMG_1033-scaled.jpg\",\"width\":2560,\"height\":1920},{\"@type\":\"BreadcrumbList\",\"@id\":\"https:\/\/www.camping-de-la-trye.com\/en\/contact\/#breadcrumb\",\"itemListElement\":[{\"@type\":\"ListItem\",\"position\":1,\"name\":\"Accueil\",\"item\":\"https:\/\/www.camping-de-la-trye.com\/en\/\"},{\"@type\":\"ListItem\",\"position\":2,\"name\":\"Booking &amp; contact\"}]},{\"@type\":\"WebSite\",\"@id\":\"https:\/\/www.camping-de-la-trye.com\/#website\",\"url\":\"https:\/\/www.camping-de-la-trye.com\/\",\"name\":\"Camping de la trye\",\"description\":\"Location de chalets &amp; mobil homes &amp; insolites\",\"publisher\":{\"@id\":\"https:\/\/www.camping-de-la-trye.com\/#organization\"},\"alternateName\":\"Camping de la Trye\",\"potentialAction\":[{\"@type\":\"SearchAction\",\"target\":{\"@type\":\"EntryPoint\",\"urlTemplate\":\"https:\/\/www.camping-de-la-trye.com\/?s={search_term_string}\"},\"query-input\":{\"@type\":\"PropertyValueSpecification\",\"valueRequired\":true,\"valueName\":\"search_term_string\"}}],\"inLanguage\":\"en-US\"},{\"@type\":\"Organization\",\"@id\":\"https:\/\/www.camping-de-la-trye.com\/#organization\",\"name\":\"Camping de la Trye\",\"url\":\"https:\/\/www.camping-de-la-trye.com\/\",\"logo\":{\"@type\":\"ImageObject\",\"inLanguage\":\"en-US\",\"@id\":\"https:\/\/www.camping-de-la-trye.com\/#\/schema\/logo\/image\/\",\"url\":\"https:\/\/www.camping-de-la-trye.com\/wp-content\/uploads\/2022\/04\/logo-vertical-blanc.png\",\"contentUrl\":\"https:\/\/www.camping-de-la-trye.com\/wp-content\/uploads\/2022\/04\/logo-vertical-blanc.png\",\"width\":495,\"height\":441,\"caption\":\"Camping de la Trye\"},\"image\":{\"@id\":\"https:\/\/www.camping-de-la-trye.com\/#\/schema\/logo\/image\/\"},\"sameAs\":[\"https:\/\/www.facebook.com\/CampingdelaTrye\",\"https:\/\/x.com\/CampingdelaTrye\",\"https:\/\/www.instagram.com\/camping_de_la_trye\/\"]}]}<\/script>\n<!-- \/ Yoast SEO plugin. -->","yoast_head_json":{"title":"Booking &amp; contact - Camping de la trye","robots":{"index":"index","follow":"follow","max-snippet":"max-snippet:-1","max-image-preview":"max-image-preview:large","max-video-preview":"max-video-preview:-1"},"canonical":"https:\/\/www.camping-de-la-trye.com\/en\/contact\/","og_locale":"en_US","og_type":"article","og_title":"Booking &amp; contact - Camping de la trye","og_description":"Pr\u00eat \u00e0 r\u00e9server votre s\u00e9jour ? L\u2019\u00e9quipe du Camping de la Trye vous simplifie la vie. Vous souhaitez s\u00e9journer dans l\u2019un de nos mobil-homes ou de nos h\u00e9bergements insolites ou consulter nos disponibilit\u00e9s en temps r\u00e9el ? Ne perdez pas une minute : que vous cherchiez \u00e0 passer des vacances en famille, un week-end en [&hellip;]","og_url":"https:\/\/www.camping-de-la-trye.com\/en\/contact\/","og_site_name":"Camping de la trye","article_publisher":"https:\/\/www.facebook.com\/CampingdelaTrye","article_modified_time":"2025-05-26T08:36:24+00:00","og_image":[{"width":2560,"height":1920,"url":"https:\/\/www.camping-de-la-trye.com\/wp-content\/uploads\/2023\/06\/IMG_1033-scaled.jpg","type":"image\/jpeg"}],"twitter_card":"summary_large_image","twitter_site":"@CampingdelaTrye","twitter_misc":{"Est. reading time":"1 minute"},"schema":{"@context":"https:\/\/schema.org","@graph":[{"@type":"WebPage","@id":"https:\/\/www.camping-de-la-trye.com\/en\/contact\/","url":"https:\/\/www.camping-de-la-trye.com\/en\/contact\/","name":"Booking &amp; contact - Camping de la trye","isPartOf":{"@id":"https:\/\/www.camping-de-la-trye.com\/#website"},"primaryImageOfPage":{"@id":"https:\/\/www.camping-de-la-trye.com\/en\/contact\/#primaryimage"},"image":{"@id":"https:\/\/www.camping-de-la-trye.com\/en\/contact\/#primaryimage"},"thumbnailUrl":"https:\/\/www.camping-de-la-trye.com\/wp-content\/uploads\/2023\/06\/IMG_1033-scaled.jpg","datePublished":"2022-03-31T09:43:32+00:00","dateModified":"2025-05-26T08:36:24+00:00","breadcrumb":{"@id":"https:\/\/www.camping-de-la-trye.com\/en\/contact\/#breadcrumb"},"inLanguage":"en-US","potentialAction":[{"@type":"ReadAction","target":["https:\/\/www.camping-de-la-trye.com\/en\/contact\/"]}]},{"@type":"ImageObject","inLanguage":"en-US","@id":"https:\/\/www.camping-de-la-trye.com\/en\/contact\/#primaryimage","url":"https:\/\/www.camping-de-la-trye.com\/wp-content\/uploads\/2023\/06\/IMG_1033-scaled.jpg","contentUrl":"https:\/\/www.camping-de-la-trye.com\/wp-content\/uploads\/2023\/06\/IMG_1033-scaled.jpg","width":2560,"height":1920},{"@type":"BreadcrumbList","@id":"https:\/\/www.camping-de-la-trye.com\/en\/contact\/#breadcrumb","itemListElement":[{"@type":"ListItem","position":1,"name":"Accueil","item":"https:\/\/www.camping-de-la-trye.com\/en\/"},{"@type":"ListItem","position":2,"name":"Booking &amp; contact"}]},{"@type":"WebSite","@id":"https:\/\/www.camping-de-la-trye.com\/#website","url":"https:\/\/www.camping-de-la-trye.com\/","name":"Camping de la trye","description":"Location de chalets &amp; mobil homes &amp; insolites","publisher":{"@id":"https:\/\/www.camping-de-la-trye.com\/#organization"},"alternateName":"Camping de la Trye","potentialAction":[{"@type":"SearchAction","target":{"@type":"EntryPoint","urlTemplate":"https:\/\/www.camping-de-la-trye.com\/?s={search_term_string}"},"query-input":{"@type":"PropertyValueSpecification","valueRequired":true,"valueName":"search_term_string"}}],"inLanguage":"en-US"},{"@type":"Organization","@id":"https:\/\/www.camping-de-la-trye.com\/#organization","name":"Camping de la Trye","url":"https:\/\/www.camping-de-la-trye.com\/","logo":{"@type":"ImageObject","inLanguage":"en-US","@id":"https:\/\/www.camping-de-la-trye.com\/#\/schema\/logo\/image\/","url":"https:\/\/www.camping-de-la-trye.com\/wp-content\/uploads\/2022\/04\/logo-vertical-blanc.png","contentUrl":"https:\/\/www.camping-de-la-trye.com\/wp-content\/uploads\/2022\/04\/logo-vertical-blanc.png","width":495,"height":441,"caption":"Camping de la Trye"},"image":{"@id":"https:\/\/www.camping-de-la-trye.com\/#\/schema\/logo\/image\/"},"sameAs":["https:\/\/www.facebook.com\/CampingdelaTrye","https:\/\/x.com\/CampingdelaTrye","https:\/\/www.instagram.com\/camping_de_la_trye\/"]}]}},"_links":{"self":[{"href":"https:\/\/www.camping-de-la-trye.com\/en\/wp-json\/wp\/v2\/pages\/592","targetHints":{"allow":["GET"]}}],"collection":[{"href":"https:\/\/www.camping-de-la-trye.com\/en\/wp-json\/wp\/v2\/pages"}],"about":[{"href":"https:\/\/www.camping-de-la-trye.com\/en\/wp-json\/wp\/v2\/types\/page"}],"author":[{"embeddable":true,"href":"https:\/\/www.camping-de-la-trye.com\/en\/wp-json\/wp\/v2\/users\/8"}],"replies":[{"embeddable":true,"href":"https:\/\/www.camping-de-la-trye.com\/en\/wp-json\/wp\/v2\/comments?post=592"}],"version-history":[{"count":13,"href":"https:\/\/www.camping-de-la-trye.com\/en\/wp-json\/wp\/v2\/pages\/592\/revisions"}],"predecessor-version":[{"id":16597,"href":"https:\/\/www.camping-de-la-trye.com\/en\/wp-json\/wp\/v2\/pages\/592\/revisions\/16597"}],"wp:featuredmedia":[{"embeddable":true,"href":"https:\/\/www.camping-de-la-trye.com\/en\/wp-json\/wp\/v2\/media\/6939"}],"wp:attachment":[{"href":"https:\/\/www.camping-de-la-trye.com\/en\/wp-json\/wp\/v2\/media?parent=592"}],"curies":[{"name":"wp","href":"https:\/\/api.w.org\/{rel}","templated":true}]}}